{"id":328,"date":"2020-02-12T10:39:20","date_gmt":"2020-02-12T09:39:20","guid":{"rendered":"http:\/\/localhost\/geschaeftsleitung\/"},"modified":"2026-01-06T10:54:33","modified_gmt":"2026-01-06T09:54:33","slug":"geschaeftsleitung","status":"publish","type":"page","link":"https:\/\/strasseschweiz.ch\/fr\/geschaeftsleitung\/","title":{"rendered":"Direction"},"content":{"rendered":"\n<p>Roland Bilang<br>Avenergy Suisse<\/p>\n\n\n\n<p>Olivier Fantino<br>routesuisse<\/p>\n\n\n\n<p>a. i. Niels Volken<br>Association des transports routiers ASTAG<\/p>\n\n\n\n<p>S\u00e9bastien Leprat<br>Touring Club Suisse TCS  <\/p>\n\n\n\n<p>Lukas Oesch<br>Soci\u00e9t\u00e9 suisse des entrepreneurs SSE<\/p>\n\n\n\n<p>Fabien Produit<br>Automobile Club de Suisse ACS  <\/p>\n\n\n\n<p>Tahir Pardhan<br>Union professionnelle suisse de l\u2019automobile UPSA <\/p>\n\n\n\n<p>Thomas R\u00fccker<br>auto-suisse, Association des importateurs suisses d&#8217;automobiles<\/p>\n","protected":false},"excerpt":{"rendered":"<p>Roland BilangAvenergy Suisse Olivier Fantinoroutesuisse a. i. Niels VolkenAssociation des transports routiers ASTAG S\u00e9bastien LepratTouring Club Suisse TCS Lukas OeschSoci\u00e9t\u00e9 suisse des entrepreneurs SSE Fabien ProduitAutomobile Club de Suisse ACS Tahir PardhanUnion professionnelle suisse de l\u2019automobile UPSA Thomas R\u00fcckerauto-suisse, Association des importateurs suisses d&#8217;automobiles<\/p>\n","protected":false},"author":5,"featured_media":0,"parent":0,"menu_order":0,"comment_status":"closed","ping_status":"closed","template":"","meta":{"footnotes":""},"yoast_head":"<!-- This site is optimized with the Yoast SEO plugin v21.9.1 - https:\/\/yoast.com\/wordpress\/plugins\/seo\/ -->\n<title>routesuisse - Direction<\/title>\n<meta name=\"description\" content=\"routesuisse s&#039;engage pour sauvegarder les int\u00e9r\u00eats du trafic routier.\" \/>\n<meta name=\"robots\" content=\"index, follow, max-snippet:-1, max-image-preview:large, max-video-preview:-1\" \/>\n<link rel=\"canonical\" href=\"https:\/\/strasseschweiz.ch\/fr\/geschaeftsleitung\/\" \/>\n<meta property=\"og:locale\" content=\"fr_FR\" \/>\n<meta property=\"og:type\" content=\"article\" \/>\n<meta property=\"og:title\" content=\"routesuisse - Direction\" \/>\n<meta property=\"og:description\" content=\"routesuisse s&#039;engage pour sauvegarder les int\u00e9r\u00eats du trafic routier.\" \/>\n<meta property=\"og:url\" content=\"https:\/\/strasseschweiz.ch\/fr\/geschaeftsleitung\/\" \/>\n<meta property=\"og:site_name\" content=\"routesuisse\" \/>\n<meta property=\"article:author\" content=\"Routesuisse\" \/>\n<meta property=\"article:modified_time\" content=\"2026-01-06T09:54:33+00:00\" \/>\n<meta property=\"og:image\" content=\"https:\/\/strasseschweiz.ch\/app\/uploads\/2021\/03\/header.jpg\" \/>\n\t<meta property=\"og:image:width\" content=\"2000\" \/>\n\t<meta property=\"og:image:height\" content=\"1334\" \/>\n\t<meta property=\"og:image:type\" content=\"image\/jpeg\" \/>\n<meta name=\"twitter:card\" content=\"summary_large_image\" \/>\n<meta name=\"twitter:label1\" content=\"Est. reading time\" \/>\n\t<meta name=\"twitter:data1\" content=\"1 minute\" \/>\n<script type=\"application\/ld+json\" class=\"yoast-schema-graph\">{\"@context\":\"https:\/\/schema.org\",\"@graph\":[{\"@type\":\"WebPage\",\"@id\":\"https:\/\/strasseschweiz.ch\/fr\/geschaeftsleitung\/\",\"url\":\"https:\/\/strasseschweiz.ch\/fr\/geschaeftsleitung\/\",\"name\":\"routesuisse - Direction\",\"isPartOf\":{\"@id\":\"https:\/\/strasseschweiz.ch\/fr\/#website\"},\"datePublished\":\"2020-02-12T09:39:20+00:00\",\"dateModified\":\"2026-01-06T09:54:33+00:00\",\"description\":\"routesuisse s'engage pour sauvegarder les int\u00e9r\u00eats du trafic routier.\",\"breadcrumb\":{\"@id\":\"https:\/\/strasseschweiz.ch\/fr\/geschaeftsleitung\/#breadcrumb\"},\"inLanguage\":\"fr-FR\",\"potentialAction\":[{\"@type\":\"ReadAction\",\"target\":[\"https:\/\/strasseschweiz.ch\/fr\/geschaeftsleitung\/\"]}]},{\"@type\":\"BreadcrumbList\",\"@id\":\"https:\/\/strasseschweiz.ch\/fr\/geschaeftsleitung\/#breadcrumb\",\"itemListElement\":[{\"@type\":\"ListItem\",\"position\":1,\"name\":\"Home\",\"item\":\"https:\/\/strasseschweiz.ch\/fr\/\"},{\"@type\":\"ListItem\",\"position\":2,\"name\":\"Direction\"}]},{\"@type\":\"WebSite\",\"@id\":\"https:\/\/strasseschweiz.ch\/fr\/#website\",\"url\":\"https:\/\/strasseschweiz.ch\/fr\/\",\"name\":\"routesuisse\",\"description\":\"\",\"potentialAction\":[{\"@type\":\"SearchAction\",\"target\":{\"@type\":\"EntryPoint\",\"urlTemplate\":\"https:\/\/strasseschweiz.ch\/fr\/?s={search_term_string}\"},\"query-input\":\"required name=search_term_string\"}],\"inLanguage\":\"fr-FR\"}]}<\/script>\n<!-- \/ Yoast SEO plugin. -->","yoast_head_json":{"title":"routesuisse - Direction","description":"routesuisse s'engage pour sauvegarder les int\u00e9r\u00eats du trafic routier.","robots":{"index":"index","follow":"follow","max-snippet":"max-snippet:-1","max-image-preview":"max-image-preview:large","max-video-preview":"max-video-preview:-1"},"canonical":"https:\/\/strasseschweiz.ch\/fr\/geschaeftsleitung\/","og_locale":"fr_FR","og_type":"article","og_title":"routesuisse - Direction","og_description":"routesuisse s'engage pour sauvegarder les int\u00e9r\u00eats du trafic routier.","og_url":"https:\/\/strasseschweiz.ch\/fr\/geschaeftsleitung\/","og_site_name":"routesuisse","article_author":"Routesuisse","article_modified_time":"2026-01-06T09:54:33+00:00","og_image":[{"width":2000,"height":1334,"url":"https:\/\/strasseschweiz.ch\/app\/uploads\/2021\/03\/header.jpg","type":"image\/jpeg"}],"twitter_card":"summary_large_image","twitter_misc":{"Est. reading time":"1 minute"},"schema":{"@context":"https:\/\/schema.org","@graph":[{"@type":"WebPage","@id":"https:\/\/strasseschweiz.ch\/fr\/geschaeftsleitung\/","url":"https:\/\/strasseschweiz.ch\/fr\/geschaeftsleitung\/","name":"routesuisse - Direction","isPartOf":{"@id":"https:\/\/strasseschweiz.ch\/fr\/#website"},"datePublished":"2020-02-12T09:39:20+00:00","dateModified":"2026-01-06T09:54:33+00:00","description":"routesuisse s'engage pour sauvegarder les int\u00e9r\u00eats du trafic routier.","breadcrumb":{"@id":"https:\/\/strasseschweiz.ch\/fr\/geschaeftsleitung\/#breadcrumb"},"inLanguage":"fr-FR","potentialAction":[{"@type":"ReadAction","target":["https:\/\/strasseschweiz.ch\/fr\/geschaeftsleitung\/"]}]},{"@type":"BreadcrumbList","@id":"https:\/\/strasseschweiz.ch\/fr\/geschaeftsleitung\/#breadcrumb","itemListElement":[{"@type":"ListItem","position":1,"name":"Home","item":"https:\/\/strasseschweiz.ch\/fr\/"},{"@type":"ListItem","position":2,"name":"Direction"}]},{"@type":"WebSite","@id":"https:\/\/strasseschweiz.ch\/fr\/#website","url":"https:\/\/strasseschweiz.ch\/fr\/","name":"routesuisse","description":"","potentialAction":[{"@type":"SearchAction","target":{"@type":"EntryPoint","urlTemplate":"https:\/\/strasseschweiz.ch\/fr\/?s={search_term_string}"},"query-input":"required name=search_term_string"}],"inLanguage":"fr-FR"}]}},"_links":{"self":[{"href":"https:\/\/strasseschweiz.ch\/fr\/wp-json\/wp\/v2\/pages\/328"}],"collection":[{"href":"https:\/\/strasseschweiz.ch\/fr\/wp-json\/wp\/v2\/pages"}],"about":[{"href":"https:\/\/strasseschweiz.ch\/fr\/wp-json\/wp\/v2\/types\/page"}],"author":[{"embeddable":true,"href":"https:\/\/strasseschweiz.ch\/fr\/wp-json\/wp\/v2\/users\/5"}],"replies":[{"embeddable":true,"href":"https:\/\/strasseschweiz.ch\/fr\/wp-json\/wp\/v2\/comments?post=328"}],"version-history":[{"count":13,"href":"https:\/\/strasseschweiz.ch\/fr\/wp-json\/wp\/v2\/pages\/328\/revisions"}],"predecessor-version":[{"id":2408,"href":"https:\/\/strasseschweiz.ch\/fr\/wp-json\/wp\/v2\/pages\/328\/revisions\/2408"}],"wp:attachment":[{"href":"https:\/\/strasseschweiz.ch\/fr\/wp-json\/wp\/v2\/media?parent=328"}],"curies":[{"name":"wp","href":"https:\/\/api.w.org\/{rel}","templated":true}]}}